{"id":7008,"date":"2025-07-11T13:03:56","date_gmt":"2025-07-11T13:03:56","guid":{"rendered":"https:\/\/www.iconografiacittaeuropea.unina.it\/cms\/?page_id=7008"},"modified":"2026-01-29T08:29:16","modified_gmt":"2026-01-29T08:29:16","slug":"cirice-2026-eng","status":"publish","type":"page","link":"https:\/\/www.iconografiacittaeuropea.unina.it\/cms\/cirice-2026-eng\/","title":{"rendered":"CIRICE 2026"},"content":{"rendered":"<h2 style=\"text-align: center;\"><strong>TRANSITION CITIES<\/strong><\/h2>\n<h4 style=\"text-align: center;\"><em><strong>Digital Humanities for Knowledge, Conservation<\/strong><\/em><\/h4>\n<h4 style=\"text-align: center;\"><em><strong>and Enhancement of Urban Heritage<\/strong><\/em><\/h4>\n<p>&nbsp;<\/p>\n<p style=\"text-align: center;\"><strong>11th International Conference<\/strong><\/p>\n<p style=\"text-align: center;\"><strong><em>in occasion of\u00a0 \u00a0<\/em>CIRICE thirtieth anniversary<\/strong><\/p>\n<p style=\"text-align: center;\"><strong><em>Eikonocity <\/em>ten-year anniversary<\/strong><\/p>\n<p style=\"text-align: center;\"><strong>\u00a0Naples, June 11-13, 2026<\/strong><\/p>\n<p>&nbsp;<\/p>\n<p><strong> <img loading=\"lazy\" class=\"wp-image-7047 aligncenter\" src=\"http:\/\/www.iconografiacittaeuropea.unina.it\/cms\/wp-content\/uploads\/2025\/07\/CIT-Header-1024x577.jpg\" alt=\"\" width=\"1100\" height=\"619\" srcset=\"https:\/\/www.iconografiacittaeuropea.unina.it\/cms\/wp-content\/uploads\/2025\/07\/CIT-Header-1024x577.jpg 1024w, https:\/\/www.iconografiacittaeuropea.unina.it\/cms\/wp-content\/uploads\/2025\/07\/CIT-Header-500x282.jpg 500w, https:\/\/www.iconografiacittaeuropea.unina.it\/cms\/wp-content\/uploads\/2025\/07\/CIT-Header-768x432.jpg 768w, https:\/\/www.iconografiacittaeuropea.unina.it\/cms\/wp-content\/uploads\/2025\/07\/CIT-Header-1536x865.jpg 1536w, https:\/\/www.iconografiacittaeuropea.unina.it\/cms\/wp-content\/uploads\/2025\/07\/CIT-Header.jpg 1920w\" sizes=\"(max-width: 1100px) 100vw, 1100px\" \/><\/strong><\/p>\n<p><em>\u00a0<\/em><\/p>\n<p><em>The acceleration of urban growth processes compels us to confront the challenges of transition. Today, more than ever, we must ask how cities can reconcile the demands of change with the safeguarding of cultural heritage. The survival of the <\/em>imago urbis<em> depends on the adaptability of knowledge systems and on the critical interpretation of the traces embedded in the landscape. The increasingly interdisciplinary nature of research encourages dialectical inquiry and the shared application of digital tools and methods drawn from historiography, representation, and the conservation of urban and landscape memory.<\/em><br \/>\n<em>CIRICE 2026 aims to offer a collective moment of reflection on the relationship between political and cultural choices and their impact on the structure, the image, and the future of cities.<\/em><\/p>\n<p>&nbsp;<\/p>\n<p>&nbsp;<\/p>\n<p><strong><span style=\"color: #800000;\">Scientific and Organizing Coordinators<\/span><\/strong><br \/>\nAlfredo Buccaro, Universit\u00e0 di Napoli Federico II<br \/>\nRaffaele Amore, Universit\u00e0 di Napoli Federico II<br \/>\nAnnunziata Berrino, Universit\u00e0 di Napoli Federico II<br \/>\nFrancesca Capano, Universit\u00e0 di Napoli Federico II<br \/>\nEmma Maglio, Universit\u00e0 di Napoli Federico II<br \/>\nMaria Ines Pascariello, Universit\u00e0 di Napoli Federico II<br \/>\nMassimo Visone, Universit\u00e0 di Napoli Federico II<\/p>\n<p>&nbsp;<\/p>\n<p><strong><span style=\"color: #800000;\">International Scientific Committee<\/span><\/strong><br \/>\nRaffaele Amore, Universit\u00e0 di Napoli Federico II<br \/>\nGemma Belli, Universit\u00e0 di Napoli Federico II<br \/>\nAnnunziata Berrino, Universit\u00e0 di Napoli Federico II<br \/>\nAlfredo Buccaro, Universit\u00e0 di Napoli Federico II<br \/>\nCaroline Bruzelius, Duke University, Durham (N.C.)<br \/>\nFrancesca Capano, Universit\u00e0 di Napoli Federico II<br \/>\nDiego Carnevale, Universit\u00e0 di Napoli Federico II<br \/>\nAlessandro Castagnaro, Universit\u00e0 di Napoli Federico II<br \/>\nGiovanna Cigliano, Universit\u00e0 di Napoli Federico II<br \/>\nSalvatore Di Liello, Universit\u00e0 di Napoli Federico II<br \/>\nAntonella di Luggo, Universit\u00e0 di Napoli Federico II<br \/>\nCarla Fern\u00e1ndez Martinez, Universidad de Oviedo<br \/>\nBego\u00f1a Fern\u00e1ndez Rodr\u00edguez, Universidade de Santiago de Compostela<br \/>\nMichael Jakob, \u00c9cole polytechnique f\u00e9d\u00e9rale de Lausanne<br \/>\nDanila Jacazzi, Universit\u00e0 della Campania Luigi Vanvitelli<br \/>\nAndrea Maglio, Universit\u00e0 di Napoli Federico II<br \/>\nEmma Maglio, Universit\u00e0 di Napoli Federico II<br \/>\nFabio Mangone, Universit\u00e0 di Napoli Federico II<br \/>\nBrigitte Marin, \u00c9cole Fran\u00e7aise de Rome<br \/>\nBianca Gioia Marino, Universit\u00e0 di Napoli Federico II<br \/>\nGiovanni Menna, Universit\u00e0 di Napoli Federico II<br \/>\nTanja Michalsky, Bibliotheca Hertziana-Max Planck Institut fur Kunstgeschichte<br \/>\nJuan Manuel Monterroso Montero, Universidade de Santiago de Compostela<br \/>\nManuel Joaquim Moreira da Rocha, Universidade do Porto<br \/>\nDaniela Palomba, Universit\u00e0 di Napoli Federico II<br \/>\nAndrea Pane, Universit\u00e0 di Napoli Federico II<br \/>\nRoberto Parisi, Universit\u00e0 del Molise<br \/>\nMaria Ines Pascariello, Universit\u00e0 di Napoli Federico II<br \/>\nRenata Picone, Universit\u00e0 di Napoli Federico II<br \/>\nPiotr Podemski, Uniwersytet Warszawski<br \/>\nValentina Russo, Universit\u00e0 di Napoli Federico II<br \/>\nNatalia Tielve Garc\u00eda, Universidad de Oviedo<br \/>\nCarlo Tosco, Politecnico di Torino<br \/>\nAnna Tylusinska, Uniwersytet Warszawski<br \/>\nGaspare Massimo Ventimiglia, Universit\u00e0 di Palermo<br \/>\nPiero Ventura, Universit\u00e0 di Napoli Federico II<br \/>\nMassimo Visone, Universit\u00e0 di Napoli Federico II<br \/>\nPaola Vitolo, Universit\u00e0 di Napoli Federico II<br \/>\nOrnella Zerlenga, Universit\u00e0 della Campania Luigi Vanvitelli<br \/>\n<strong>\u00a0<\/strong><\/p>\n<p><strong><span style=\"color: #800000;\">Scientific Secretary (ciriceconference@unina.it)<\/span><\/strong><br \/>\nLuisa Del Giudice, Mirella Izzo, Riccardo Maria Polidoro, Mariangela Terracciano, Alessandra Veropalumbo<\/p>\n<p>&nbsp;<\/p>\n<p><strong><span style=\"color: #800000;\">Administrative Secretary<\/span><\/strong><br \/>\nIlaria Bruno (ilaria.bruno@unina.it; +39 081 2537435)<br \/>\nUniversit\u00e0 degli Studi di Napoli Federico II \u2013 CIRICE Centro Interdipartimentale di Ricerca sull\u2019Iconografia della Citt\u00e0 Europea<br \/>\ncirice@unina.it; +39 081 2538000\/08\/14<\/p>\n<p>&nbsp;<\/p>\n<p><strong><span style=\"color: #800000;\">Under the Patronage of<\/span><\/strong><br \/>\nUniversit\u00e0 degli Studi di Napoli Federico II, Dipartimenti di Architettura (DiARC) &#8211; Ingegneria Civile, Edile e Ambientale (DiCEA) &#8211; Studi Umanistici (DSU)<br \/>\nUniversit\u00e0 della Campania Luigi Vanvitelli, Dipartimento di Architettura e Disegno Industriale<br \/>\nUniversit\u00e0 del Molise<br \/>\nUniversidad de Oviedo<br \/>\nUniversidade de Santiago de Compostela<br \/>\nUniversidade do Porto<br \/>\nUniwersytet Warszawski<br \/>\n\u00c9cole fran\u00e7aise de Rome<br \/>\nBibliotheca Hertziana &#8211; Max Planck Institut fur Kunstgeschichte<br \/>\nAISU International &#8211; Associazione Italiana di Storia Urbana<br \/>\nUID &#8211; Unione Italiana Disegno<br \/>\nEikonocity &#8211; History and Iconography of European Cities and Sites<\/p>\n<p>&nbsp;<\/p>\n<h5><strong><a href=\"https:\/\/www.iconografiacittaeuropea.unina.it\/cms\/cirice-2026-deadline\/\">&gt;&gt;&gt; Deadline<\/a>\u00a0 \u00a0 \u00a0 \u00a0 \u00a0 \u00a0 \u00a0 \u00a0 \u00a0 \u00a0 \u00a0 \u00a0<\/strong><strong><a href=\"https:\/\/www.iconografiacittaeuropea.unina.it\/cms\/conferencesessions\/\">&gt;&gt;&gt; Conference Sessions<\/a>\u00a0\u00a0<\/strong><\/h5>\n","protected":false},"excerpt":{"rendered":"<p>TRANSITION CITIES Digital Humanities for Knowledge, Conservation and Enhancement of Urban Heritage &nbsp; 11th International Conference in occasion of\u00a0 \u00a0CIRICE thirtieth anniversary Eikonocity ten-year anniversary \u00a0Naples, June 11-13, 2026 &nbsp; \u00a0 The acceleration of urban growth processes compels us to confront the challenges of transition. Today, more than ever, we must ask how cities can [&hellip;]<\/p>\n","protected":false},"author":2,"featured_media":0,"parent":0,"menu_order":0,"comment_status":"closed","ping_status":"closed","template":"","meta":[],"_links":{"self":[{"href":"https:\/\/www.iconografiacittaeuropea.unina.it\/cms\/wp-json\/wp\/v2\/pages\/7008"}],"collection":[{"href":"https:\/\/www.iconografiacittaeuropea.unina.it\/cms\/wp-json\/wp\/v2\/pages"}],"about":[{"href":"https:\/\/www.iconografiacittaeuropea.unina.it\/cms\/wp-json\/wp\/v2\/types\/page"}],"author":[{"embeddable":true,"href":"https:\/\/www.iconografiacittaeuropea.unina.it\/cms\/wp-json\/wp\/v2\/users\/2"}],"replies":[{"embeddable":true,"href":"https:\/\/www.iconografiacittaeuropea.unina.it\/cms\/wp-json\/wp\/v2\/comments?post=7008"}],"version-history":[{"count":13,"href":"https:\/\/www.iconografiacittaeuropea.unina.it\/cms\/wp-json\/wp\/v2\/pages\/7008\/revisions"}],"predecessor-version":[{"id":7115,"href":"https:\/\/www.iconografiacittaeuropea.unina.it\/cms\/wp-json\/wp\/v2\/pages\/7008\/revisions\/7115"}],"wp:attachment":[{"href":"https:\/\/www.iconografiacittaeuropea.unina.it\/cms\/wp-json\/wp\/v2\/media?parent=7008"}],"curies":[{"name":"wp","href":"https:\/\/api.w.org\/{rel}","templated":true}]}}